{"id":6913,"date":"2023-09-23T19:53:59","date_gmt":"2023-09-23T19:53:59","guid":{"rendered":"https:\/\/bodegascolado.com\/producto\/ausgewaehlte-getrocknete-feigen-mit-mehl-beutel-500-g\/"},"modified":"2023-11-27T09:38:45","modified_gmt":"2023-11-27T09:38:45","slug":"feigen-trocken-mit-mehl-sack-500gr","status":"publish","type":"product","link":"https:\/\/bodegascolado.com\/de\/producto\/feigen-trocken-mit-mehl-sack-500gr\/","title":{"rendered":"Ausgew\u00e4hlte getrocknete Feigen mit Mehl Beutel 500 g"},"content":{"rendered":"<p>Eine Auswahl an getrockneten Feigen, die f\u00fcr ihre d\u00fcnne Schale und die intensive S\u00fc\u00dfe ihres Fruchtfleisches bekannt sind und die auf traditionelle Weise in der Sonne getrocknet werden.<br \/>\nDie Produktion dieser Feige konzentriert sich haupts\u00e4chlich auf das Tejo-Tal und das Ti\u00e9tar-Tal.<br \/>\nEigenschaften: Reich an Ballaststoffen, reich an Eisen, Vitamin B, Kalzium und Magnesium.<br \/>\nSie k\u00f6nnen nicht nur als Snack, sondern auch in Desserts und Aufl\u00e4ufen verwendet werden.<br \/>\nErh\u00e4ltlich in:<br \/>\n250 g Becher. &#8211; S\u00e4cke von 500 gr. und 1 kg. &#8211; Gro\u00dfpackungen mit 5 und 10 kg. &#8211; Kiste mit 2 kg. &#8222;Gourmet&#8220; Typ L\u00e9rida<\/p>\n","protected":false},"excerpt":{"rendered":"<p>Schachtel mit 12 Einheiten von 500 gr. Preis pro St\u00fcck: 2,50 Euro<\/p>\n<p>Eine Auswahl an getrockneten Feigen, die f\u00fcr ihre d\u00fcnne Schale und die intensive S\u00fc\u00dfe ihres Fruchtfleisches bekannt sind und die auf traditionelle Weise in der Sonne getrocknet werden.<br \/>\nDie Produktion dieser Feige konzentriert sich haupts\u00e4chlich auf das Tejo-Tal und das Ti\u00e9tar-Tal.<\/p>\n","protected":false},"featured_media":6681,"template":"","meta":[],"product_brand":[],"product_cat":[116],"product_tag":[],"class_list":{"0":"post-6913","1":"product","2":"type-product","3":"status-publish","4":"has-post-thumbnail","6":"product_cat-getrocknete-feigen","8":"first","9":"outofstock","10":"taxable","11":"shipping-taxable","12":"purchasable","13":"product-type-simple"},"yoast_head":"<!-- This site is optimized with the Yoast SEO plugin v27.4 - https:\/\/yoast.com\/product\/yoast-seo-wordpress\/ -->\n<title>Getrocknete Feigen mit Frauenhalsmehl 500 gr Beutel<\/title>\n<meta name=\"description\" content=\"Getrocknete Feigen mit Mehl im Beutel 500 gr. Eine Auswahl getrockneter Feigen aus dem Tajo-Tal, die f\u00fcr ihre d\u00fcnne Haut und die intensive S\u00fc\u00dfe ihres Fruchtfleisches bekannt sind.\" \/>\n<meta name=\"robots\" content=\"index, follow, max-snippet:-1, max-image-preview:large, max-video-preview:-1\" \/>\n<link rel=\"canonical\" href=\"https:\/\/bodegascolado.com\/de\/producto\/feigen-trocken-mit-mehl-sack-500gr\/\" \/>\n<meta property=\"og:locale\" content=\"de_DE\" \/>\n<meta property=\"og:type\" content=\"article\" \/>\n<meta property=\"og:title\" content=\"Getrocknete Feigen mit Frauenhalsmehl 500 gr Beutel\" \/>\n<meta property=\"og:description\" content=\"Getrocknete Feigen mit Mehl im Beutel 500 gr. Eine Auswahl getrockneter Feigen aus dem Tajo-Tal, die f\u00fcr ihre d\u00fcnne Haut und die intensive S\u00fc\u00dfe ihres Fruchtfleisches bekannt sind.\" \/>\n<meta property=\"og:url\" content=\"https:\/\/bodegascolado.com\/de\/producto\/feigen-trocken-mit-mehl-sack-500gr\/\" \/>\n<meta property=\"og:site_name\" content=\"Bodegas Colado\" \/>\n<meta property=\"article:modified_time\" content=\"2023-11-27T09:38:45+00:00\" \/>\n<meta property=\"og:image\" content=\"https:\/\/bodegascolado.com\/wp-content\/uploads\/2023\/09\/higos-secos-con-harina-bolsa-500gr-cuello-de-dama-valle-de-tajo.jpg\" \/>\n\t<meta property=\"og:image:width\" content=\"900\" \/>\n\t<meta property=\"og:image:height\" content=\"900\" \/>\n\t<meta property=\"og:image:type\" content=\"image\/jpeg\" \/>\n<meta name=\"twitter:card\" content=\"summary_large_image\" \/>\n<meta name=\"twitter:label1\" content=\"Gesch\u00e4tzte Lesezeit\" \/>\n\t<meta name=\"twitter:data1\" content=\"1\u00a0Minute\" \/>\n<script type=\"application\/ld+json\" class=\"yoast-schema-graph\">{\"@context\":\"https:\\\/\\\/schema.org\",\"@graph\":[{\"@type\":\"WebPage\",\"@id\":\"https:\\\/\\\/bodegascolado.com\\\/de\\\/producto\\\/feigen-trocken-mit-mehl-sack-500gr\\\/\",\"url\":\"https:\\\/\\\/bodegascolado.com\\\/de\\\/producto\\\/feigen-trocken-mit-mehl-sack-500gr\\\/\",\"name\":\"Getrocknete Feigen mit Frauenhalsmehl 500 gr Beutel\",\"isPartOf\":{\"@id\":\"https:\\\/\\\/bodegascolado.com\\\/de\\\/#website\"},\"primaryImageOfPage\":{\"@id\":\"https:\\\/\\\/bodegascolado.com\\\/de\\\/producto\\\/feigen-trocken-mit-mehl-sack-500gr\\\/#primaryimage\"},\"image\":{\"@id\":\"https:\\\/\\\/bodegascolado.com\\\/de\\\/producto\\\/feigen-trocken-mit-mehl-sack-500gr\\\/#primaryimage\"},\"thumbnailUrl\":\"https:\\\/\\\/bodegascolado.com\\\/wp-content\\\/uploads\\\/2023\\\/09\\\/higos-secos-con-harina-bolsa-500gr-cuello-de-dama-valle-de-tajo.jpg\",\"datePublished\":\"2023-09-23T19:53:59+00:00\",\"dateModified\":\"2023-11-27T09:38:45+00:00\",\"description\":\"Getrocknete Feigen mit Mehl im Beutel 500 gr. Eine Auswahl getrockneter Feigen aus dem Tajo-Tal, die f\u00fcr ihre d\u00fcnne Haut und die intensive S\u00fc\u00dfe ihres Fruchtfleisches bekannt sind.\",\"breadcrumb\":{\"@id\":\"https:\\\/\\\/bodegascolado.com\\\/de\\\/producto\\\/feigen-trocken-mit-mehl-sack-500gr\\\/#breadcrumb\"},\"inLanguage\":\"de\",\"potentialAction\":[{\"@type\":\"ReadAction\",\"target\":[\"https:\\\/\\\/bodegascolado.com\\\/de\\\/producto\\\/feigen-trocken-mit-mehl-sack-500gr\\\/\"]}]},{\"@type\":\"ImageObject\",\"inLanguage\":\"de\",\"@id\":\"https:\\\/\\\/bodegascolado.com\\\/de\\\/producto\\\/feigen-trocken-mit-mehl-sack-500gr\\\/#primaryimage\",\"url\":\"https:\\\/\\\/bodegascolado.com\\\/wp-content\\\/uploads\\\/2023\\\/09\\\/higos-secos-con-harina-bolsa-500gr-cuello-de-dama-valle-de-tajo.jpg\",\"contentUrl\":\"https:\\\/\\\/bodegascolado.com\\\/wp-content\\\/uploads\\\/2023\\\/09\\\/higos-secos-con-harina-bolsa-500gr-cuello-de-dama-valle-de-tajo.jpg\",\"width\":900,\"height\":900,\"caption\":\"higos secos con harina bolsa gr cuello de dama valle de tajo\"},{\"@type\":\"BreadcrumbList\",\"@id\":\"https:\\\/\\\/bodegascolado.com\\\/de\\\/producto\\\/feigen-trocken-mit-mehl-sack-500gr\\\/#breadcrumb\",\"itemListElement\":[{\"@type\":\"ListItem\",\"position\":1,\"name\":\"Portada\",\"item\":\"https:\\\/\\\/bodegascolado.com\\\/de\\\/\"},{\"@type\":\"ListItem\",\"position\":2,\"name\":\"Shop\",\"item\":\"https:\\\/\\\/bodegascolado.com\\\/de\\\/shop\\\/\"},{\"@type\":\"ListItem\",\"position\":3,\"name\":\"Ausgew\u00e4hlte getrocknete Feigen mit Mehl Beutel 500 g\"}]},{\"@type\":\"WebSite\",\"@id\":\"https:\\\/\\\/bodegascolado.com\\\/de\\\/#website\",\"url\":\"https:\\\/\\\/bodegascolado.com\\\/de\\\/\",\"name\":\"Bodegas Colado\",\"description\":\"Aceite de oliva virgen extra ecol\u00f3gico de Montearag\u00f3n, en Bodegas Colado. Higos secos cuello dama, Marcofrut, en Montearag\u00f3n\",\"potentialAction\":[{\"@type\":\"SearchAction\",\"target\":{\"@type\":\"EntryPoint\",\"urlTemplate\":\"https:\\\/\\\/bodegascolado.com\\\/de\\\/?s={search_term_string}\"},\"query-input\":{\"@type\":\"PropertyValueSpecification\",\"valueRequired\":true,\"valueName\":\"search_term_string\"}}],\"inLanguage\":\"de\"}]}<\/script>\n<!-- \/ Yoast SEO plugin. -->","yoast_head_json":{"title":"Getrocknete Feigen mit Frauenhalsmehl 500 gr Beutel","description":"Getrocknete Feigen mit Mehl im Beutel 500 gr. Eine Auswahl getrockneter Feigen aus dem Tajo-Tal, die f\u00fcr ihre d\u00fcnne Haut und die intensive S\u00fc\u00dfe ihres Fruchtfleisches bekannt sind.","robots":{"index":"index","follow":"follow","max-snippet":"max-snippet:-1","max-image-preview":"max-image-preview:large","max-video-preview":"max-video-preview:-1"},"canonical":"https:\/\/bodegascolado.com\/de\/producto\/feigen-trocken-mit-mehl-sack-500gr\/","og_locale":"de_DE","og_type":"article","og_title":"Getrocknete Feigen mit Frauenhalsmehl 500 gr Beutel","og_description":"Getrocknete Feigen mit Mehl im Beutel 500 gr. Eine Auswahl getrockneter Feigen aus dem Tajo-Tal, die f\u00fcr ihre d\u00fcnne Haut und die intensive S\u00fc\u00dfe ihres Fruchtfleisches bekannt sind.","og_url":"https:\/\/bodegascolado.com\/de\/producto\/feigen-trocken-mit-mehl-sack-500gr\/","og_site_name":"Bodegas Colado","article_modified_time":"2023-11-27T09:38:45+00:00","og_image":[{"width":900,"height":900,"url":"https:\/\/bodegascolado.com\/wp-content\/uploads\/2023\/09\/higos-secos-con-harina-bolsa-500gr-cuello-de-dama-valle-de-tajo.jpg","type":"image\/jpeg"}],"twitter_card":"summary_large_image","twitter_misc":{"Gesch\u00e4tzte Lesezeit":"1\u00a0Minute"},"schema":{"@context":"https:\/\/schema.org","@graph":[{"@type":"WebPage","@id":"https:\/\/bodegascolado.com\/de\/producto\/feigen-trocken-mit-mehl-sack-500gr\/","url":"https:\/\/bodegascolado.com\/de\/producto\/feigen-trocken-mit-mehl-sack-500gr\/","name":"Getrocknete Feigen mit Frauenhalsmehl 500 gr Beutel","isPartOf":{"@id":"https:\/\/bodegascolado.com\/de\/#website"},"primaryImageOfPage":{"@id":"https:\/\/bodegascolado.com\/de\/producto\/feigen-trocken-mit-mehl-sack-500gr\/#primaryimage"},"image":{"@id":"https:\/\/bodegascolado.com\/de\/producto\/feigen-trocken-mit-mehl-sack-500gr\/#primaryimage"},"thumbnailUrl":"https:\/\/bodegascolado.com\/wp-content\/uploads\/2023\/09\/higos-secos-con-harina-bolsa-500gr-cuello-de-dama-valle-de-tajo.jpg","datePublished":"2023-09-23T19:53:59+00:00","dateModified":"2023-11-27T09:38:45+00:00","description":"Getrocknete Feigen mit Mehl im Beutel 500 gr. Eine Auswahl getrockneter Feigen aus dem Tajo-Tal, die f\u00fcr ihre d\u00fcnne Haut und die intensive S\u00fc\u00dfe ihres Fruchtfleisches bekannt sind.","breadcrumb":{"@id":"https:\/\/bodegascolado.com\/de\/producto\/feigen-trocken-mit-mehl-sack-500gr\/#breadcrumb"},"inLanguage":"de","potentialAction":[{"@type":"ReadAction","target":["https:\/\/bodegascolado.com\/de\/producto\/feigen-trocken-mit-mehl-sack-500gr\/"]}]},{"@type":"ImageObject","inLanguage":"de","@id":"https:\/\/bodegascolado.com\/de\/producto\/feigen-trocken-mit-mehl-sack-500gr\/#primaryimage","url":"https:\/\/bodegascolado.com\/wp-content\/uploads\/2023\/09\/higos-secos-con-harina-bolsa-500gr-cuello-de-dama-valle-de-tajo.jpg","contentUrl":"https:\/\/bodegascolado.com\/wp-content\/uploads\/2023\/09\/higos-secos-con-harina-bolsa-500gr-cuello-de-dama-valle-de-tajo.jpg","width":900,"height":900,"caption":"higos secos con harina bolsa gr cuello de dama valle de tajo"},{"@type":"BreadcrumbList","@id":"https:\/\/bodegascolado.com\/de\/producto\/feigen-trocken-mit-mehl-sack-500gr\/#breadcrumb","itemListElement":[{"@type":"ListItem","position":1,"name":"Portada","item":"https:\/\/bodegascolado.com\/de\/"},{"@type":"ListItem","position":2,"name":"Shop","item":"https:\/\/bodegascolado.com\/de\/shop\/"},{"@type":"ListItem","position":3,"name":"Ausgew\u00e4hlte getrocknete Feigen mit Mehl Beutel 500 g"}]},{"@type":"WebSite","@id":"https:\/\/bodegascolado.com\/de\/#website","url":"https:\/\/bodegascolado.com\/de\/","name":"Bodegas Colado","description":"Aceite de oliva virgen extra ecol\u00f3gico de Montearag\u00f3n, en Bodegas Colado. Higos secos cuello dama, Marcofrut, en Montearag\u00f3n","potentialAction":[{"@type":"SearchAction","target":{"@type":"EntryPoint","urlTemplate":"https:\/\/bodegascolado.com\/de\/?s={search_term_string}"},"query-input":{"@type":"PropertyValueSpecification","valueRequired":true,"valueName":"search_term_string"}}],"inLanguage":"de"}]}},"_links":{"self":[{"href":"https:\/\/bodegascolado.com\/de\/wp-json\/wp\/v2\/product\/6913","targetHints":{"allow":["GET"]}}],"collection":[{"href":"https:\/\/bodegascolado.com\/de\/wp-json\/wp\/v2\/product"}],"about":[{"href":"https:\/\/bodegascolado.com\/de\/wp-json\/wp\/v2\/types\/product"}],"wp:featuredmedia":[{"embeddable":true,"href":"https:\/\/bodegascolado.com\/de\/wp-json\/wp\/v2\/media\/6681"}],"wp:attachment":[{"href":"https:\/\/bodegascolado.com\/de\/wp-json\/wp\/v2\/media?parent=6913"}],"wp:term":[{"taxonomy":"product_brand","embeddable":true,"href":"https:\/\/bodegascolado.com\/de\/wp-json\/wp\/v2\/product_brand?post=6913"},{"taxonomy":"product_cat","embeddable":true,"href":"https:\/\/bodegascolado.com\/de\/wp-json\/wp\/v2\/product_cat?post=6913"},{"taxonomy":"product_tag","embeddable":true,"href":"https:\/\/bodegascolado.com\/de\/wp-json\/wp\/v2\/product_tag?post=6913"}],"curies":[{"name":"wp","href":"https:\/\/api.w.org\/{rel}","templated":true}]}}